{"id":3776,"date":"2021-02-11T12:04:26","date_gmt":"2021-02-11T11:04:26","guid":{"rendered":"https:\/\/www.proest-gmbh.de\/?page_id=3776"},"modified":"2025-05-28T16:07:29","modified_gmt":"2025-05-28T14:07:29","slug":"home-page","status":"publish","type":"page","link":"https:\/\/www.proest-gmbh.de\/en\/","title":{"rendered":"Home Page"},"content":{"rendered":"<p><div class=\"fusion-fullwidth fullwidth-box fusion-builder-row-1 fusion-flex-container nonhundred-percent-fullwidth non-hundred-percent-height-scrolling\" style=\"--awb-border-radius-top-left:0px;--awb-border-radius-top-right:0px;--awb-border-radius-bottom-right:0px;--awb-border-radius-bottom-left:0px;--awb-padding-top:80px;--awb-padding-bottom:80px;--awb-background-color:#f5f5f5;--awb-flex-wrap:wrap;\" ><div class=\"fusion-builder-row fusion-row fusion-flex-align-items-flex-start fusion-flex-align-content-center fusion-flex-content-wrap\" style=\"max-width:1372.8px;margin-left: calc(-4% \/ 2 );margin-right: calc(-4% \/ 2 );\"><div class=\"fusion-layout-column fusion_builder_column fusion-builder-column-0 fusion_builder_column_1_1 1_1 fusion-flex-column\" style=\"--awb-bg-size:cover;--awb-width-large:100%;--awb-margin-top-large:0px;--awb-spacing-right-large:1.92%;--awb-margin-bottom-large:20px;--awb-spacing-left-large:1.92%;--awb-width-medium:100%;--awb-order-medium:0;--awb-spacing-right-medium:1.92%;--awb-spacing-left-medium:1.92%;--awb-width-small:100%;--awb-order-small:0;--awb-spacing-right-small:1.92%;--awb-spacing-left-small:1.92%;\"><div class=\"fusion-column-wrapper fusion-column-has-shadow fusion-flex-justify-content-flex-start fusion-content-layout-column\"><div class=\"fusion-title title fusion-title-1 fusion-sep-none fusion-title-center fusion-title-text fusion-title-size-one\" style=\"--awb-margin-top-small:10px;--awb-margin-right-small:0px;--awb-margin-bottom-small:10px;--awb-margin-left-small:0px;\"><h1 class=\"fusion-title-heading title-heading-center\" style=\"margin:0;\">Proest &#8211; Your Profi for Interior design<\/h1><\/div><div class=\"fusion-title title fusion-title-2 fusion-sep-none fusion-title-center fusion-title-text fusion-title-size-two\" style=\"--awb-margin-top-small:10px;--awb-margin-right-small:0px;--awb-margin-bottom-small:10px;--awb-margin-left-small:0px;\"><h2 class=\"fusion-title-heading title-heading-center\" style=\"margin:0;\">Creative, high-quality, functional and durable: Your furniture from the cabinetmaker<\/h2><\/div><div class=\"fusion-title title fusion-title-3 fusion-sep-none fusion-title-center fusion-title-text fusion-title-size-three\" style=\"--awb-margin-top-small:10px;--awb-margin-right-small:0px;--awb-margin-bottom-small:10px;--awb-margin-left-small:0px;\"><h3 class=\"fusion-title-heading title-heading-center\" style=\"margin:0;\"><span class=\"TextRun BCX0 SCXW226767181\" lang=\"EN-US\" xml:lang=\"EN-US\" data-contrast=\"auto\"><span class=\"NormalTextRun BCX0 SCXW226767181\">We are pleased to welcome you to our new website! <\/span><\/span><\/h3><\/div><div class=\"fusion-text fusion-text-1\"><p style=\"text-align: center;\">Here we present our offer and give you an insight into our work. We combine high standards with the cabinetmaker&#8217;s trade. We combine traditional, proven production methods with the most modern technology. Thus our team is able to produce individual, design-oriented furnishings for every room. We offer you the complete range of furniture from the cabinetmaker for the most diverse areas. We manufacture furniture for your home exactly according to your wishes.<\/p>\n<\/div><\/div><\/div><\/div><\/div><div class=\"fusion-fullwidth fullwidth-box fusion-builder-row-2 fusion-flex-container fusion-parallax-fixed hundred-percent-fullwidth non-hundred-percent-height-scrolling\" style=\"--awb-border-radius-top-left:0px;--awb-border-radius-top-right:0px;--awb-border-radius-bottom-right:0px;--awb-border-radius-bottom-left:0px;--awb-padding-top:15%;--awb-padding-bottom:15%;--awb-min-height:480px;--awb-background-image:url(&quot;https:\/\/www.proest-gmbh.de\/wp-content\/uploads\/01-proest-interior-kueche-mit-kuechenblock-aus-naturstein-und-rueckraumbereich-mit-stahlfronten-und-naturstein-in-bildabwicklung-in-luxushaus-amsterdam-mit-gaggenau-gerae-scaled.jpg&quot;);--awb-background-size:cover;--awb-flex-wrap:wrap;background-attachment:fixed;\" ><div class=\"fusion-builder-row fusion-row fusion-flex-align-items-flex-start fusion-flex-content-wrap\" style=\"width:104% !important;max-width:104% !important;margin-left: calc(-4% \/ 2 );margin-right: calc(-4% \/ 2 );\"><div class=\"fusion-layout-column fusion_builder_column fusion-builder-column-1 fusion_builder_column_1_1 1_1 fusion-flex-column\" style=\"--awb-bg-size:cover;--awb-width-large:100%;--awb-margin-top-large:0px;--awb-spacing-right-large:1.92%;--awb-margin-bottom-large:20px;--awb-spacing-left-large:1.92%;--awb-width-medium:100%;--awb-order-medium:0;--awb-spacing-right-medium:1.92%;--awb-spacing-left-medium:1.92%;--awb-width-small:100%;--awb-order-small:0;--awb-spacing-right-small:1.92%;--awb-spacing-left-small:1.92%;\"><div class=\"fusion-column-wrapper fusion-column-has-shadow fusion-flex-justify-content-flex-start fusion-content-layout-column\"><\/div><\/div><\/div><\/div><div class=\"fusion-fullwidth fullwidth-box fusion-builder-row-3 fusion-flex-container nonhundred-percent-fullwidth non-hundred-percent-height-scrolling\" style=\"--awb-border-radius-top-left:0px;--awb-border-radius-top-right:0px;--awb-border-radius-bottom-right:0px;--awb-border-radius-bottom-left:0px;--awb-padding-top:80px;--awb-padding-bottom:80px;--awb-flex-wrap:wrap;\" ><div class=\"fusion-builder-row fusion-row fusion-flex-align-items-flex-start fusion-flex-align-content-center fusion-flex-content-wrap\" style=\"max-width:1372.8px;margin-left: calc(-4% \/ 2 );margin-right: calc(-4% \/ 2 );\"><div class=\"fusion-layout-column fusion_builder_column fusion-builder-column-2 fusion_builder_column_1_1 1_1 fusion-flex-column\" style=\"--awb-bg-size:cover;--awb-width-large:100%;--awb-margin-top-large:0px;--awb-spacing-right-large:1.92%;--awb-margin-bottom-large:20px;--awb-spacing-left-large:1.92%;--awb-width-medium:100%;--awb-order-medium:0;--awb-spacing-right-medium:1.92%;--awb-spacing-left-medium:1.92%;--awb-width-small:100%;--awb-order-small:0;--awb-spacing-right-small:1.92%;--awb-spacing-left-small:1.92%;\"><div class=\"fusion-column-wrapper fusion-column-has-shadow fusion-flex-justify-content-flex-start fusion-content-layout-column\"><div class=\"fusion-title title fusion-title-4 fusion-sep-none fusion-title-center fusion-title-text fusion-title-size-three\" style=\"--awb-margin-top-small:10px;--awb-margin-right-small:0px;--awb-margin-bottom-small:10px;--awb-margin-left-small:0px;\"><h3 class=\"fusion-title-heading title-heading-center\" style=\"margin:0;\">Keukens op maat in Keulen, Kalkar, Kleve, Goch, Xanten, Krefeld<\/h3><\/div><div class=\"fusion-text fusion-text-2\"><p style=\"text-align: center;\">Inform yourself in our kitchen studio about our experience in kitchen construction and look forward to a bespoke kitchen that also offers unconventional solutions. Furniture from a cabinetmaker is also the first choice when it comes to designing practices and offices. For a functional practice furnishing according to your wishes, we develop a convincing concept together with you and implement it in the best quality. A modern office design provides you and your employees with a pleasant working environment.<\/p>\n<p style=\"text-align: center;\">Furthermore, we have many years of experience in store fitting. In this sector we offer bespoke store fittings. Bring your store in shape and create with us an ambience that is worth seeing!<\/p>\n<p style=\"text-align: center;\">If you are looking for flexible alternatives for the interior design, our partition wall systems are ideal. They are also ideal for offices or the living area. With furniture from the cabinetmaker, you can create an innovative, exclusive and sustainable interior design for both business and private use.<\/p>\n<p style=\"text-align: center;\">Further services of Proest GmbH are the construction of glass partitions, the preparation of building plans and the construction of exhibition stands.<\/p>\n<p style=\"text-align: center;\">Also in the bathroom we are your competent partner. We produce bespoke bathroom furniture as well as bathroom cabinets, beds made to measure, solid wood tables and individual cupboards.<\/p>\n<\/div><\/div><\/div><\/div><\/div><div class=\"fusion-fullwidth fullwidth-box fusion-builder-row-4 fusion-flex-container has-pattern-background has-mask-background fusion-parallax-fixed hundred-percent-fullwidth non-hundred-percent-height-scrolling\" style=\"--awb-border-radius-top-left:0px;--awb-border-radius-top-right:0px;--awb-border-radius-bottom-right:0px;--awb-border-radius-bottom-left:0px;--awb-padding-top:15%;--awb-padding-bottom:15%;--awb-min-height:480px;--awb-background-image:url(&quot;https:\/\/www.proest-gmbh.de\/wp-content\/uploads\/01-proest-interior-kaffeebar-neolith-estatuario-hop-stork-amsterdam.webp&quot;);--awb-background-size:cover;--awb-flex-wrap:wrap;background-attachment:fixed;\" ><div class=\"fusion-builder-row fusion-row fusion-flex-align-items-flex-start fusion-flex-content-wrap\" style=\"width:104% !important;max-width:104% !important;margin-left: calc(-4% \/ 2 );margin-right: calc(-4% \/ 2 );\"><div class=\"fusion-layout-column fusion_builder_column fusion-builder-column-3 fusion_builder_column_1_1 1_1 fusion-flex-column\" style=\"--awb-bg-size:cover;--awb-width-large:100%;--awb-margin-top-large:0px;--awb-spacing-right-large:1.92%;--awb-margin-bottom-large:20px;--awb-spacing-left-large:1.92%;--awb-width-medium:100%;--awb-order-medium:0;--awb-spacing-right-medium:1.92%;--awb-spacing-left-medium:1.92%;--awb-width-small:100%;--awb-order-small:0;--awb-spacing-right-small:1.92%;--awb-spacing-left-small:1.92%;\"><div class=\"fusion-column-wrapper fusion-column-has-shadow fusion-flex-justify-content-flex-start fusion-content-layout-column\"><\/div><\/div><\/div><\/div><div class=\"fusion-fullwidth fullwidth-box fusion-builder-row-5 fusion-flex-container nonhundred-percent-fullwidth non-hundred-percent-height-scrolling\" style=\"--awb-border-radius-top-left:0px;--awb-border-radius-top-right:0px;--awb-border-radius-bottom-right:0px;--awb-border-radius-bottom-left:0px;--awb-padding-top:80px;--awb-padding-bottom:80px;--awb-flex-wrap:wrap;\" ><div class=\"fusion-builder-row fusion-row fusion-flex-align-items-flex-start fusion-flex-align-content-center fusion-flex-content-wrap\" style=\"max-width:1372.8px;margin-left: calc(-4% \/ 2 );margin-right: calc(-4% \/ 2 );\"><div class=\"fusion-layout-column fusion_builder_column fusion-builder-column-4 fusion_builder_column_1_1 1_1 fusion-flex-column\" style=\"--awb-bg-size:cover;--awb-width-large:100%;--awb-margin-top-large:0px;--awb-spacing-right-large:1.92%;--awb-margin-bottom-large:20px;--awb-spacing-left-large:1.92%;--awb-width-medium:100%;--awb-order-medium:0;--awb-spacing-right-medium:1.92%;--awb-spacing-left-medium:1.92%;--awb-width-small:100%;--awb-order-small:0;--awb-spacing-right-small:1.92%;--awb-spacing-left-small:1.92%;\"><div class=\"fusion-column-wrapper fusion-column-has-shadow fusion-flex-justify-content-flex-start fusion-content-layout-column\"><div class=\"fusion-title title fusion-title-5 fusion-sep-none fusion-title-center fusion-title-text fusion-title-size-three\" style=\"--awb-margin-top-small:10px;--awb-margin-right-small:0px;--awb-margin-bottom-small:10px;--awb-margin-left-small:0px;\"><h3 class=\"fusion-title-heading title-heading-center\" style=\"margin:0;\">Shop fittings by the cabinetmaker<\/h3><\/div><div class=\"fusion-text fusion-text-3\"><p style=\"text-align: center;\">In addition, we have years of experience with shop design. In this industry we offer tailor-made shop fittings. Get your company in shape and create an atmosphere with us that is impressive!<\/p>\n<\/div><\/div><\/div><\/div><\/div><div class=\"fusion-fullwidth fullwidth-box fusion-builder-row-6 fusion-flex-container hundred-percent-fullwidth non-hundred-percent-height-scrolling\" style=\"--awb-border-radius-top-left:0px;--awb-border-radius-top-right:0px;--awb-border-radius-bottom-right:0px;--awb-border-radius-bottom-left:0px;--awb-padding-top:0px;--awb-padding-right:0px;--awb-padding-bottom:0px;--awb-padding-left:0px;--awb-margin-bottom:0px;--awb-flex-wrap:wrap;\" ><div class=\"fusion-builder-row fusion-row fusion-flex-align-items-flex-start fusion-flex-content-wrap\" style=\"width:104% !important;max-width:104% !important;margin-left: calc(-4% \/ 2 );margin-right: calc(-4% \/ 2 );\"><div class=\"fusion-layout-column fusion_builder_column fusion-builder-column-5 fusion_builder_column_1_1 1_1 fusion-flex-column\" style=\"--awb-bg-size:cover;--awb-width-large:100%;--awb-margin-top-large:0px;--awb-spacing-right-large:1.92%;--awb-margin-bottom-large:20px;--awb-spacing-left-large:1.92%;--awb-width-medium:100%;--awb-order-medium:0;--awb-spacing-right-medium:1.92%;--awb-spacing-left-medium:1.92%;--awb-width-small:100%;--awb-order-small:0;--awb-spacing-right-small:1.92%;--awb-spacing-left-small:1.92%;\"><div class=\"fusion-column-wrapper fusion-column-has-shadow fusion-flex-justify-content-flex-start fusion-content-layout-column\"><div class=\"fusion-recent-works fusion-portfolio-element fusion-portfolio fusion-portfolio-1 fusion-portfolio-grid fusion-portfolio-paging-none fusion-portfolio-five fusion-portfolio-no_text fusion-portfolio-rollover\" data-id=\"-rw-1\" data-columns=\"five\"><style type=\"text\/css\">.fusion-portfolio-1 .fusion-portfolio-wrapper .fusion-col-spacing{padding:0px;}<\/style><div class=\"fusion-portfolio-wrapper\" id=\"fusion-portfolio-1\" data-picturesize=\"fixed\" data-pages=\"5\" style=\"margin:-0px;\"><article id=\"portfolio-1-post-3804\" class=\"fusion-portfolio-post living residential-en fusion-col-spacing post-3804\"><div class=\"fusion-portfolio-content-wrapper\" style=\"border:none;\"><span class=\"entry-title rich-snippet-hidden\">Villa Noordholland<\/span><span class=\"vcard rich-snippet-hidden\"><span class=\"fn\"><a href=\"https:\/\/www.proest-gmbh.de\/en\/author\/jens\/\" title=\"Posts by K\u00c4SE+SENF\" rel=\"author\">K\u00c4SE+SENF<\/a><\/span><\/span><span class=\"updated rich-snippet-hidden\">2025-05-28T16:03:17+02:00<\/span><div  class=\"fusion-image-wrapper fusion-image-size-fixed\" aria-haspopup=\"true\">\n\t\t\t\t<img decoding=\"async\" width=\"600\" height=\"600\" src=\"https:\/\/www.proest-gmbh.de\/wp-content\/uploads\/01-proest-interior-wohnzimmerschrank-mit-farrow-ball-lack-und-lederfronten-messingumrandet-600x600.webp\" class=\"attachment-portfolio-five size-portfolio-five wp-post-image\" alt=\"\" srcset=\"https:\/\/www.proest-gmbh.de\/wp-content\/uploads\/01-proest-interior-wohnzimmerschrank-mit-farrow-ball-lack-und-lederfronten-messingumrandet-150x150.webp 150w, https:\/\/www.proest-gmbh.de\/wp-content\/uploads\/01-proest-interior-wohnzimmerschrank-mit-farrow-ball-lack-und-lederfronten-messingumrandet-600x600.webp 600w\" sizes=\"(max-width: 600px) 100vw, 600px\" \/><div class=\"fusion-rollover\">\n\t<div class=\"fusion-rollover-content\">\n\n\t\t\t\t\n\t\t\n\t\t\t\t\t\t\t\t\t\t\t\t<h4 class=\"fusion-rollover-title\">\n\t\t\t\t\t<a class=\"fusion-rollover-title-link\" href=\"https:\/\/www.proest-gmbh.de\/en\/project\/villa-noordholland\/\">\n\t\t\t\t\t\tVilla Noordholland\t\t\t\t\t<\/a>\n\t\t\t\t<\/h4>\n\t\t\t\n\t\t\t\t\t\t\t\t\n\t\t\n\t\t\t\t\t\t<a class=\"fusion-link-wrapper\" href=\"https:\/\/www.proest-gmbh.de\/en\/project\/villa-noordholland\/\" aria-label=\"Villa Noordholland\"><\/a>\n\t<\/div>\n<\/div>\n<\/div>\n<\/div><\/article><article id=\"portfolio-1-post-4311\" class=\"fusion-portfolio-post business-en commercial fusion-col-spacing post-4311\"><div class=\"fusion-portfolio-content-wrapper\" style=\"border:none;\"><span class=\"entry-title rich-snippet-hidden\">Kosmos pharmacy, Magdeburg<\/span><span class=\"vcard rich-snippet-hidden\"><span class=\"fn\"><a href=\"https:\/\/www.proest-gmbh.de\/en\/author\/jens\/\" title=\"Posts by K\u00c4SE+SENF\" rel=\"author\">K\u00c4SE+SENF<\/a><\/span><\/span><span class=\"updated rich-snippet-hidden\">2025-05-28T10:52:28+02:00<\/span><div  class=\"fusion-image-wrapper fusion-image-size-fixed\" aria-haspopup=\"true\">\n\t\t\t\t<img decoding=\"async\" width=\"600\" height=\"600\" src=\"https:\/\/www.proest-gmbh.de\/wp-content\/uploads\/01-proest-interior-raumkontor-kosmos-apotheke-magdeburg-600x600.webp\" class=\"attachment-portfolio-five size-portfolio-five wp-post-image\" alt=\"\" srcset=\"https:\/\/www.proest-gmbh.de\/wp-content\/uploads\/01-proest-interior-raumkontor-kosmos-apotheke-magdeburg-150x150.webp 150w, https:\/\/www.proest-gmbh.de\/wp-content\/uploads\/01-proest-interior-raumkontor-kosmos-apotheke-magdeburg-600x600.webp 600w\" sizes=\"(max-width: 600px) 100vw, 600px\" \/><div class=\"fusion-rollover\">\n\t<div class=\"fusion-rollover-content\">\n\n\t\t\t\t\n\t\t\n\t\t\t\t\t\t\t\t\t\t\t\t<h4 class=\"fusion-rollover-title\">\n\t\t\t\t\t<a class=\"fusion-rollover-title-link\" href=\"https:\/\/www.proest-gmbh.de\/en\/project\/kosmos-apotheke-magdeburg\/\">\n\t\t\t\t\t\tKosmos pharmacy, Magdeburg\t\t\t\t\t<\/a>\n\t\t\t\t<\/h4>\n\t\t\t\n\t\t\t\t\t\t\t\t\n\t\t\n\t\t\t\t\t\t<a class=\"fusion-link-wrapper\" href=\"https:\/\/www.proest-gmbh.de\/en\/project\/kosmos-apotheke-magdeburg\/\" aria-label=\"Kosmos pharmacy, Magdeburg\"><\/a>\n\t<\/div>\n<\/div>\n<\/div>\n<\/div><\/article><article id=\"portfolio-1-post-3968\" class=\"fusion-portfolio-post business-en commercial fusion-col-spacing post-3968\"><div class=\"fusion-portfolio-content-wrapper\" style=\"border:none;\"><span class=\"entry-title rich-snippet-hidden\">Maverick<\/span><span class=\"vcard rich-snippet-hidden\"><span class=\"fn\"><a href=\"https:\/\/www.proest-gmbh.de\/en\/author\/jens\/\" title=\"Posts by K\u00c4SE+SENF\" rel=\"author\">K\u00c4SE+SENF<\/a><\/span><\/span><span class=\"updated rich-snippet-hidden\">2025-05-28T09:54:20+02:00<\/span><div  class=\"fusion-image-wrapper fusion-image-size-fixed\" aria-haspopup=\"true\">\n\t\t\t\t<img decoding=\"async\" width=\"600\" height=\"600\" src=\"https:\/\/www.proest-gmbh.de\/wp-content\/uploads\/01-proest-interior-maverick-amsterdam-meetingpoint-holzrueckwand-plexiglaslogo-600x600.webp\" class=\"attachment-portfolio-five size-portfolio-five wp-post-image\" alt=\"\" srcset=\"https:\/\/www.proest-gmbh.de\/wp-content\/uploads\/01-proest-interior-maverick-amsterdam-meetingpoint-holzrueckwand-plexiglaslogo-150x150.webp 150w, https:\/\/www.proest-gmbh.de\/wp-content\/uploads\/01-proest-interior-maverick-amsterdam-meetingpoint-holzrueckwand-plexiglaslogo-600x600.webp 600w\" sizes=\"(max-width: 600px) 100vw, 600px\" \/><div class=\"fusion-rollover\">\n\t<div class=\"fusion-rollover-content\">\n\n\t\t\t\t\n\t\t\n\t\t\t\t\t\t\t\t\t\t\t\t<h4 class=\"fusion-rollover-title\">\n\t\t\t\t\t<a class=\"fusion-rollover-title-link\" href=\"https:\/\/www.proest-gmbh.de\/en\/project\/maverick\/\">\n\t\t\t\t\t\tMaverick\t\t\t\t\t<\/a>\n\t\t\t\t<\/h4>\n\t\t\t\n\t\t\t\t\t\t\t\t\n\t\t\n\t\t\t\t\t\t<a class=\"fusion-link-wrapper\" href=\"https:\/\/www.proest-gmbh.de\/en\/project\/maverick\/\" aria-label=\"Maverick\"><\/a>\n\t<\/div>\n<\/div>\n<\/div>\n<\/div><\/article><article id=\"portfolio-1-post-3787\" class=\"fusion-portfolio-post living residential-en fusion-col-spacing post-3787\"><div class=\"fusion-portfolio-content-wrapper\" style=\"border:none;\"><span class=\"entry-title rich-snippet-hidden\">Bungalow Niederrhein<\/span><span class=\"vcard rich-snippet-hidden\"><span class=\"fn\"><a href=\"https:\/\/www.proest-gmbh.de\/en\/author\/jens\/\" title=\"Posts by K\u00c4SE+SENF\" rel=\"author\">K\u00c4SE+SENF<\/a><\/span><\/span><span class=\"updated rich-snippet-hidden\">2025-05-28T16:03:44+02:00<\/span><div  class=\"fusion-image-wrapper fusion-image-size-fixed\" aria-haspopup=\"true\">\n\t\t\t\t<img decoding=\"async\" width=\"600\" height=\"600\" src=\"https:\/\/www.proest-gmbh.de\/wp-content\/uploads\/01-proest-interior-kuechenblock-weisslack-mit-nero-assoluto-und-kochfeld-im-bungalow-600x600.webp\" class=\"attachment-portfolio-five size-portfolio-five wp-post-image\" alt=\"\" srcset=\"https:\/\/www.proest-gmbh.de\/wp-content\/uploads\/01-proest-interior-kuechenblock-weisslack-mit-nero-assoluto-und-kochfeld-im-bungalow-150x150.webp 150w, https:\/\/www.proest-gmbh.de\/wp-content\/uploads\/01-proest-interior-kuechenblock-weisslack-mit-nero-assoluto-und-kochfeld-im-bungalow-600x600.webp 600w\" sizes=\"(max-width: 600px) 100vw, 600px\" \/><div class=\"fusion-rollover\">\n\t<div class=\"fusion-rollover-content\">\n\n\t\t\t\t\n\t\t\n\t\t\t\t\t\t\t\t\t\t\t\t<h4 class=\"fusion-rollover-title\">\n\t\t\t\t\t<a class=\"fusion-rollover-title-link\" href=\"https:\/\/www.proest-gmbh.de\/en\/project\/bungalow-niederrhein\/\">\n\t\t\t\t\t\tBungalow Niederrhein\t\t\t\t\t<\/a>\n\t\t\t\t<\/h4>\n\t\t\t\n\t\t\t\t\t\t\t\t\n\t\t\n\t\t\t\t\t\t<a class=\"fusion-link-wrapper\" href=\"https:\/\/www.proest-gmbh.de\/en\/project\/bungalow-niederrhein\/\" aria-label=\"Bungalow Niederrhein\"><\/a>\n\t<\/div>\n<\/div>\n<\/div>\n<\/div><\/article><article id=\"portfolio-1-post-3821\" class=\"fusion-portfolio-post living residential-en fusion-col-spacing post-3821\"><div class=\"fusion-portfolio-content-wrapper\" style=\"border:none;\"><span class=\"entry-title rich-snippet-hidden\">Villa Haarlem<\/span><span class=\"vcard rich-snippet-hidden\"><span class=\"fn\"><a href=\"https:\/\/www.proest-gmbh.de\/en\/author\/jens\/\" title=\"Posts by K\u00c4SE+SENF\" rel=\"author\">K\u00c4SE+SENF<\/a><\/span><\/span><span class=\"updated rich-snippet-hidden\">2025-05-28T16:02:42+02:00<\/span><div  class=\"fusion-image-wrapper fusion-image-size-fixed\" aria-haspopup=\"true\">\n\t\t\t\t<img decoding=\"async\" width=\"600\" height=\"600\" src=\"https:\/\/www.proest-gmbh.de\/wp-content\/uploads\/01-proest-interior-kuechenblock-aus-fiore-di-bosco-in-abwicklung-mit-kuechenrueckwand-aus-raeuchereiche-und-beleuchtetem-stahlregal-ueber-der-kueche-mit-quooker-1-600x600.jpg\" class=\"attachment-portfolio-five size-portfolio-five wp-post-image\" alt=\"K\u00fcchenblock aus FIORE DI BOSCO in Abwicklung mit K\u00fcchenr\u00fcckwand aus R\u00e4uchereiche und beleuchtetem Stahlregal \u00fcber der K\u00fcche mit Quooker Wasserhahn\" srcset=\"https:\/\/www.proest-gmbh.de\/wp-content\/uploads\/01-proest-interior-kuechenblock-aus-fiore-di-bosco-in-abwicklung-mit-kuechenrueckwand-aus-raeuchereiche-und-beleuchtetem-stahlregal-ueber-der-kueche-mit-quooker-1-66x66.jpg 66w, https:\/\/www.proest-gmbh.de\/wp-content\/uploads\/01-proest-interior-kuechenblock-aus-fiore-di-bosco-in-abwicklung-mit-kuechenrueckwand-aus-raeuchereiche-und-beleuchtetem-stahlregal-ueber-der-kueche-mit-quooker-1-150x150.jpg 150w, https:\/\/www.proest-gmbh.de\/wp-content\/uploads\/01-proest-interior-kuechenblock-aus-fiore-di-bosco-in-abwicklung-mit-kuechenrueckwand-aus-raeuchereiche-und-beleuchtetem-stahlregal-ueber-der-kueche-mit-quooker-1-600x600.jpg 600w\" sizes=\"(max-width: 600px) 100vw, 600px\" \/><div class=\"fusion-rollover\">\n\t<div class=\"fusion-rollover-content\">\n\n\t\t\t\t\n\t\t\n\t\t\t\t\t\t\t\t\t\t\t\t<h4 class=\"fusion-rollover-title\">\n\t\t\t\t\t<a class=\"fusion-rollover-title-link\" href=\"https:\/\/www.proest-gmbh.de\/en\/project\/villa-haarlem\/\">\n\t\t\t\t\t\tVilla Haarlem\t\t\t\t\t<\/a>\n\t\t\t\t<\/h4>\n\t\t\t\n\t\t\t\t\t\t\t\t\n\t\t\n\t\t\t\t\t\t<a class=\"fusion-link-wrapper\" href=\"https:\/\/www.proest-gmbh.de\/en\/project\/villa-haarlem\/\" aria-label=\"Villa Haarlem\"><\/a>\n\t<\/div>\n<\/div>\n<\/div>\n<\/div><\/article><\/div><\/div><\/div><\/div><\/div><\/div><\/p>\n","protected":false},"excerpt":{"rendered":"","protected":false},"author":1,"featured_media":0,"parent":0,"menu_order":0,"comment_status":"closed","ping_status":"closed","template":"100-width.php","meta":{"_seopress_robots_primary_cat":"","_seopress_titles_title":"","_seopress_titles_desc":"","_seopress_robots_index":"","footnotes":""},"class_list":["post-3776","page","type-page","status-publish"],"_links":{"self":[{"href":"https:\/\/www.proest-gmbh.de\/en\/wp-json\/wp\/v2\/pages\/3776","targetHints":{"allow":["GET"]}}],"collection":[{"href":"https:\/\/www.proest-gmbh.de\/en\/wp-json\/wp\/v2\/pages"}],"about":[{"href":"https:\/\/www.proest-gmbh.de\/en\/wp-json\/wp\/v2\/types\/page"}],"author":[{"embeddable":true,"href":"https:\/\/www.proest-gmbh.de\/en\/wp-json\/wp\/v2\/users\/1"}],"replies":[{"embeddable":true,"href":"https:\/\/www.proest-gmbh.de\/en\/wp-json\/wp\/v2\/comments?post=3776"}],"version-history":[{"count":7,"href":"https:\/\/www.proest-gmbh.de\/en\/wp-json\/wp\/v2\/pages\/3776\/revisions"}],"predecessor-version":[{"id":5264,"href":"https:\/\/www.proest-gmbh.de\/en\/wp-json\/wp\/v2\/pages\/3776\/revisions\/5264"}],"wp:attachment":[{"href":"https:\/\/www.proest-gmbh.de\/en\/wp-json\/wp\/v2\/media?parent=3776"}],"curies":[{"name":"wp","href":"https:\/\/api.w.org\/{rel}","templated":true}]}}